{"id":2467,"date":"2016-02-26T12:21:04","date_gmt":"2016-02-26T11:21:04","guid":{"rendered":"http:\/\/eugeneistomin.com\/?page_id=2467"},"modified":"2020-02-21T23:50:18","modified_gmt":"2020-02-21T22:50:18","slug":"conversation-avec-rostropovitch","status":"publish","type":"page","link":"https:\/\/www.eugeneistomin.com\/fr\/grandes-collaborations-musicales\/rostropovitch\/conversation-avec-rostropovitch\/","title":{"rendered":"Conversation avec Rostropovitch"},"content":{"rendered":"<div class=\"fusion-fullwidth fullwidth-box fusion-builder-row-1 hundred-percent-fullwidth non-hundred-percent-height-scrolling\" style=\"--awb-border-radius-top-left:0px;--awb-border-radius-top-right:0px;--awb-border-radius-bottom-right:0px;--awb-border-radius-bottom-left:0px;--awb-overflow:visible;\" ><div class=\"fusion-builder-row fusion-row\"><div class=\"fusion-layout-column fusion_builder_column fusion-builder-column-0 fusion_builder_column_1_1 1_1 fusion-one-full fusion-column-first fusion-column-last fusion-column-no-min-height\" style=\"--awb-bg-size:cover;--awb-margin-bottom:0px;\"><div class=\"fusion-column-wrapper fusion-flex-column-wrapper-legacy\"><div class=\"fusion-text fusion-text-1\"><p><a href=\"https:\/\/eugeneistomin.com\/wp-content\/uploads\/2016\/02\/rostropovich-Conversation.jpg\"><img decoding=\"async\" class=\"alignleft size-full wp-image-2468\" src=\"https:\/\/eugeneistomin.com\/wp-content\/uploads\/2016\/02\/rostropovich-Conversation.jpg\" alt=\"rostropovich Conversation\" width=\"310\" height=\"310\" srcset=\"https:\/\/www.eugeneistomin.com\/wp-content\/uploads\/2016\/02\/rostropovich-Conversation-66x66.jpg 66w, https:\/\/www.eugeneistomin.com\/wp-content\/uploads\/2016\/02\/rostropovich-Conversation-150x150.jpg 150w, https:\/\/www.eugeneistomin.com\/wp-content\/uploads\/2016\/02\/rostropovich-Conversation-300x300.jpg 300w, https:\/\/www.eugeneistomin.com\/wp-content\/uploads\/2016\/02\/rostropovich-Conversation.jpg 310w\" sizes=\"(max-width: 310px) 100vw, 310px\" \/><\/a>En  2002, dans le cadre des Grandes Conversations en Musique, film\u00e9es sous l\u2019\u00e9gide de la Library of Congress, Eugene Istomin s\u2019\u00e9tait entretenu avec Mstislav Rostropovitch. Les sujets abord\u00e9s\u00a0: les influences r\u00e9ciproques des musiques russe et am\u00e9ricaine\u00a0; la naissance de sa vocation de chef d\u2019orchestre\u00a0; la mondialisation de la musique\u00a0; ses relations avec Prokofiev et Chostakovitch\u00a0; la qualit\u00e9 essentielle d\u2019un chef d\u2019orchestre. Cette conversation est accessible sur le site de la Library of Congress.<\/p>\n<p>Voici les passages les plus marquants des r\u00e9ponses de Rostropovitch.<br \/>\n\u00ab\u00a0Je suis tr\u00e8s fier que la Russie ait eu une telle influence sur la vie musicale am\u00e9ricaine, notamment apr\u00e8s la R\u00e9volution, lorsque de nombreux musiciens russes sont venus en Am\u00e9rique et ont form\u00e9 tant de jeunes talents am\u00e9ricains.\u00a0J\u2019appelais Aaron Copland\u00a0<em>my American daddy<\/em>. Et <em>my American brother<\/em> \u00e9tait Leonard Bernstein. Non seulement Bernstein \u00e9tait un grand musicien, mais c\u2019\u00e9tait un grand ami. Il m\u2019a offert les boutons de manchette que Koussevitsky lui avaient donn\u00e9s. Koussevitsky \u00e9tait si important pour moi\u00a0!\u00a0\u00bb<\/p>\n<\/div><div class=\"fusion-clearfix\"><\/div><\/div><\/div><div class=\"fusion-layout-column fusion_builder_column fusion-builder-column-1 fusion_builder_column_1_1 1_1 fusion-one-full fusion-column-first fusion-column-last fusion-column-no-min-height\" style=\"--awb-bg-size:cover;--awb-margin-bottom:0px;\"><div class=\"fusion-column-wrapper fusion-flex-column-wrapper-legacy\"><div class=\"fusion-title title fusion-title-1 fusion-title-text fusion-title-size-two\"><h2 class=\"title-heading-left fusion-responsive-typography-calculated\" style=\"margin:0;--fontSize:18;--minFontSize:18;line-height:1.5;\"><strong>Pourquoi suis-je devenu chef d\u2019orchestre\u00a0?<\/strong><\/h2><span class=\"awb-title-spacer\"><\/span><div class=\"title-sep-container\"><div class=\"title-sep sep-double sep-solid\" style=\"border-color:#e0dede;\"><\/div><\/div><\/div><div class=\"fusion-text fusion-text-2\"><p><a href=\"https:\/\/eugeneistomin.com\/wp-content\/uploads\/2016\/02\/Rostro-chef-1.jpg\"><img decoding=\"async\" class=\"alignright size-medium wp-image-2469\" src=\"https:\/\/eugeneistomin.com\/wp-content\/uploads\/2016\/02\/Rostro-chef-1-300x235.jpg\" alt=\"Rostro chef 1\" width=\"300\" height=\"235\" srcset=\"https:\/\/www.eugeneistomin.com\/wp-content\/uploads\/2016\/02\/Rostro-chef-1-300x235.jpg 300w, https:\/\/www.eugeneistomin.com\/wp-content\/uploads\/2016\/02\/Rostro-chef-1-1024x802.jpg 1024w, https:\/\/www.eugeneistomin.com\/wp-content\/uploads\/2016\/02\/Rostro-chef-1.jpg 4000w\" sizes=\"(max-width: 300px) 100vw, 300px\" \/><\/a>\u00ab\u00a0Mon p\u00e8re \u00e9tait violoncelliste, ma m\u00e8re \u00e9tait pianiste. Je suis n\u00e9 \u00e0 Bakou et je baignais tout le temps dans la musique. En \u00e9t\u00e9, mon p\u00e8re jouait dans des orchestres qui donnaient des concerts en plein air et je pouvais assister \u00e0 toutes les r\u00e9p\u00e9titions. Mon premier r\u00eave \u00e9tait d\u2019\u00eatre chef d\u2019orchestre. Mais lorsque j\u2019ai eu huit ans, mon p\u00e8re m\u2019a dit\u00a0: &lsquo;Il faut \u00e9tudier le violoncelle. Apr\u00e8s tu deviendras peut-\u00eatre chef d\u2019orchestre, mais il tu dois d\u2019abord \u00eatre instrumentiste, c\u2019est plus s\u00fbr. Et puis cela t\u2019aidera dans ton travail de chef&rsquo;. Alors j\u2019ai gard\u00e9 longtemps en moi mon r\u00eave de diriger, pas tellement parce que j\u2019avais un don particulier pour la direction, mais parce qu\u2019il y a un r\u00e9pertoire ph\u00e9nom\u00e9nal. C\u2019est la meilleure fa\u00e7on de poss\u00e9der toute la musique\u00a0!\u00a0 J\u2019ai dirig\u00e9 pour la premi\u00e8re fois en 1960, la <em>Premi\u00e8re Suite<\/em> de Tcha\u00efkovsky et la <em>Cinqui\u00e8me Symphonie<\/em> de Prokofiev. Mon exp\u00e9rience de violoncelliste m\u2019a beaucoup servi, car j\u2019ai jou\u00e9 sous la direction de la plupart des grands chefs d\u2019orchestre de notre temps. Un jour, j\u2019ai demand\u00e9 \u00e0 Erich Leinsdorf\u00a0:\u00a0&lsquo;Comment doit-on battre la premi\u00e8re mesure de la <em>Cinqui\u00e8me Symphonie<\/em> de Tcha\u00efkovsky\u00a0?&rsquo;. Il m\u2019a r\u00e9pondu\u00a0: &lsquo;Slava, comment joues-tu la premi\u00e8re phrase du <em>Concerto pour violoncelle<\/em> de Dvorak\u00a0?&rsquo;. Alors je le lui ai montr\u00e9. Il m\u2019a dit\u00a0: &lsquo;C\u2019est la m\u00eame chose, c\u2019est le m\u00eame geste\u00a0!&rsquo;.<\/p>\n<\/div><div class=\"fusion-clearfix\"><\/div><\/div><\/div><div class=\"fusion-layout-column fusion_builder_column fusion-builder-column-2 fusion_builder_column_1_1 1_1 fusion-one-full fusion-column-first fusion-column-last fusion-column-no-min-height\" style=\"--awb-bg-size:cover;--awb-margin-bottom:0px;\"><div class=\"fusion-column-wrapper fusion-flex-column-wrapper-legacy\"><div class=\"fusion-title title fusion-title-2 fusion-title-text fusion-title-size-two\"><h2 class=\"title-heading-left fusion-responsive-typography-calculated\" style=\"margin:0;--fontSize:18;--minFontSize:18;line-height:1.5;\"><strong>La mondialisation de la culture\u00a0?<\/strong><\/h2><span class=\"awb-title-spacer\"><\/span><div class=\"title-sep-container\"><div class=\"title-sep sep-double sep-solid\" style=\"border-color:#e0dede;\"><\/div><\/div><\/div><div class=\"fusion-text fusion-text-3\"><p>\u00ab\u00a0Il y a cent ans en Russie, on vivait dans son village et le cercle de vie ne d\u00e9passait pas cinquante kilom\u00e8tres, une journ\u00e9e \u00e0 cheval\u00a0! Aujourd\u2019hui, avec le Concorde, j\u2019arrive \u00e0 New York deux heures avant l\u2019heure \u00e0 laquelle je suis parti\u00a0!\u00a0D\u2019ailleurs j\u2019ai demand\u00e9 \u00e0 Galina\u00a0: \u2018Si je meurs \u00e0 Paris, d\u00e9p\u00eache-toi de me mettre dans un cercueil et de m\u2019envoyer en Am\u00e9rique par le Concorde\u00a0! Ainsi j\u2019aurai le temps de dire au revoir \u00e0 mes amis am\u00e9ricains\u00a0!\u2019<\/p>\n<p>En 1947, quand j\u2019ai pass\u00e9 mon premier grand concours, j\u2019ai vu arriver des violoncellistes de tous les pays, et ils jouaient tr\u00e8s diff\u00e9remment, chacun dans la lign\u00e9e de son \u00e9cole nationale\u00a0! Bien s\u00fbr, maintenant tout est unifi\u00e9. Le monde est comme un grand immeuble, nous sommes tous voisins.<br \/>\nPourquoi <strong>Prokofiev<\/strong> a-t-il commis l\u2019erreur de rentrer en Union Sovi\u00e9tique\u00a0? Un jour d\u2019automne, \u00e0 la fin des ann\u00e9es 40, j\u2019\u00e9tais venu le voir dans sa datcha et il m\u2019a dit\u00a0: \u2018je n\u2019ai plus d\u2019argent pour le petit d\u00e9jeuner\u2019\u00a0! Alors je lui ai demand\u00e9 carr\u00e9ment\u00a0: \u2018Pourquoi as-tu fait l\u2019erreur de revenir\u00a0?\u2019 Et il m\u2019a r\u00e9pondu\u00a0: \u2018Ce n\u2019est pas une erreur, j\u2019avais le besoin imp\u00e9ratif de cr\u00e9er dans <em>mon<\/em> pays.\u2019<br \/>\n<a href=\"https:\/\/eugeneistomin.com\/wp-content\/uploads\/2016\/02\/Chosta-et-Rostro.jpg\"><img decoding=\"async\" class=\"alignleft size-medium wp-image-3700\" src=\"https:\/\/eugeneistomin.com\/wp-content\/uploads\/2016\/02\/Chosta-et-Rostro-300x209.jpg\" alt=\"Chosta et Rostro\" width=\"300\" height=\"209\" srcset=\"https:\/\/www.eugeneistomin.com\/wp-content\/uploads\/2016\/02\/Chosta-et-Rostro-300x209.jpg 300w, https:\/\/www.eugeneistomin.com\/wp-content\/uploads\/2016\/02\/Chosta-et-Rostro.jpg 551w\" sizes=\"(max-width: 300px) 100vw, 300px\" \/><\/a>J\u2019ai connu <strong>Chostakovitch<\/strong> \u00e0 partir de 1943, quand je suis entr\u00e9 dans sa classe. Nous sommes devenus de grands amis, nous buvions de la vodka ensemble, faisions des plaisanteries\u2026 C\u2019est quand il est mort que j\u2019ai vraiment compris la grandeur de son g\u00e9nie. J\u2019ai pris conscience aussi que s\u2019il avait \u00e9t\u00e9 heureux dans sa vie, s\u2019il n\u2019y avait pas eu les horribles campagnes dirig\u00e9es contre lui, il n\u2019aurait sans doute pas compos\u00e9 des musiques aussi profondes, aussi tragiques, il n\u2019aurait pas \u00e9t\u00e9 un aussi grand compositeur. C\u2019est ce genre de luttes qui construisent la grandeur d\u2019un g\u00e9nie.\u00a0\u00bb<\/p>\n<\/div><div class=\"fusion-clearfix\"><\/div><\/div><\/div><div class=\"fusion-layout-column fusion_builder_column fusion-builder-column-3 fusion_builder_column_1_1 1_1 fusion-one-full fusion-column-first fusion-column-last fusion-column-no-min-height\" style=\"--awb-bg-size:cover;--awb-margin-bottom:0px;\"><div class=\"fusion-column-wrapper fusion-flex-column-wrapper-legacy\"><div class=\"fusion-title title fusion-title-3 fusion-title-text fusion-title-size-two\"><h2 class=\"title-heading-left fusion-responsive-typography-calculated\" style=\"margin:0;--fontSize:18;--minFontSize:18;line-height:1.5;\"><strong>Qu\u2019est-ce qu\u2019un vrai chef d\u2019orchestre\u00a0?<\/strong><\/h2><span class=\"awb-title-spacer\"><\/span><div class=\"title-sep-container\"><div class=\"title-sep sep-double sep-solid\" style=\"border-color:#e0dede;\"><\/div><\/div><\/div><div class=\"fusion-text fusion-text-4\"><p>\u00ab\u00a0C\u2019est quelqu\u2019un qui ne se contente pas de diriger des instrumentistes, mais des hommes, des musiciens, de telle fa\u00e7on qu\u2019ils comprennent l\u2019\u00e9motion de la musique sans qu\u2019il y ait besoin de faire un geste\u2026 Par exemple, pour le deuxi\u00e8me mouvement de la <em>Sixi\u00e8me Symphonie<\/em> de Tchaikovsky, je donne un signe tr\u00e8s vague, c\u2019est juste le feu vert pour qu\u2019ils commencent quand ils veulent, mais ensemble\u00a0! Et cela marche, c\u2019est miraculeux, il y a une sorte d\u2019interaction intuitive entre les musiciens, et le pianissimo qui surgit est miraculeux\u2026<\/p>\n<p>(<em>Traduction Bernard Meillat<\/em>)<\/p>\n<\/div><div class=\"fusion-clearfix\"><\/div><\/div><\/div><div class=\"fusion-layout-column fusion_builder_column fusion-builder-column-4 fusion_builder_column_1_1 1_1 fusion-one-full fusion-column-first fusion-column-last fusion-column-no-min-height\" style=\"--awb-bg-size:cover;--awb-margin-bottom:0px;\"><div class=\"fusion-column-wrapper fusion-flex-column-wrapper-legacy\"><div class=\"fusion-title title fusion-title-4 fusion-title-text fusion-title-size-two\"><h2 class=\"title-heading-left fusion-responsive-typography-calculated\" style=\"margin:0;--fontSize:18;--minFontSize:18;line-height:1.5;\"><strong>Document<\/strong><\/h2><span class=\"awb-title-spacer\"><\/span><div class=\"title-sep-container\"><div class=\"title-sep sep-double sep-solid\" style=\"border-color:#e0dede;\"><\/div><\/div><\/div><div class=\"fusion-text fusion-text-5\"><p>Le lien pour acc\u00e9der \u00e0 cette <em>Conversation<\/em>, en anglais, sur le site de la Library of Congress\u00a0: https:\/\/www.loc.gov\/item\/ihas.200031109\/<\/p>\n<p>Mstislav Rostropovitch dirige <em>La Mort de Tybalt<\/em> de <em>Rom\u00e9o et Juliette<\/em> de <strong>Serge Prokofiev<\/strong>. Concert dans la Grande Salle du Conservatoire de Moscou avec le National Symphony Orchestra. 13 f\u00e9vrier 1990<\/p>\n<\/div><div class=\"fusion-clearfix\"><\/div><\/div><\/div><div class=\"fusion-layout-column fusion_builder_column fusion-builder-column-5 fusion_builder_column_1_1 1_1 fusion-one-full fusion-column-first fusion-column-last fusion-column-no-min-height\" style=\"--awb-bg-size:cover;--awb-margin-bottom:0px;\"><div class=\"fusion-column-wrapper fusion-flex-column-wrapper-legacy\"><div class=\"fusion-video fusion-youtube\" style=\"--awb-max-width:600px;--awb-max-height:350px;\"><div class=\"video-shortcode\"><div class=\"fluid-width-video-wrapper\" style=\"padding-top:58.33%;\" ><iframe title=\"YouTube video player 1\" src=\"https:\/\/www.youtube.com\/embed\/b9VnEHG4n00?wmode=transparent&autoplay=0\" width=\"600\" height=\"350\" allowfullscreen allow=\"autoplay; fullscreen\"><\/iframe><\/div><\/div><\/div><div class=\"fusion-clearfix\"><\/div><\/div><\/div><\/div><\/div>\n","protected":false},"excerpt":{"rendered":"","protected":false},"author":1,"featured_media":0,"parent":2049,"menu_order":0,"comment_status":"open","ping_status":"open","template":"","meta":[],"acf":[],"_links":{"self":[{"href":"https:\/\/www.eugeneistomin.com\/fr\/wp-json\/wp\/v2\/pages\/2467"}],"collection":[{"href":"https:\/\/www.eugeneistomin.com\/fr\/wp-json\/wp\/v2\/pages"}],"about":[{"href":"https:\/\/www.eugeneistomin.com\/fr\/wp-json\/wp\/v2\/types\/page"}],"author":[{"embeddable":true,"href":"https:\/\/www.eugeneistomin.com\/fr\/wp-json\/wp\/v2\/users\/1"}],"replies":[{"embeddable":true,"href":"https:\/\/www.eugeneistomin.com\/fr\/wp-json\/wp\/v2\/comments?post=2467"}],"version-history":[{"count":5,"href":"https:\/\/www.eugeneistomin.com\/fr\/wp-json\/wp\/v2\/pages\/2467\/revisions"}],"predecessor-version":[{"id":9247,"href":"https:\/\/www.eugeneistomin.com\/fr\/wp-json\/wp\/v2\/pages\/2467\/revisions\/9247"}],"up":[{"embeddable":true,"href":"https:\/\/www.eugeneistomin.com\/fr\/wp-json\/wp\/v2\/pages\/2049"}],"wp:attachment":[{"href":"https:\/\/www.eugeneistomin.com\/fr\/wp-json\/wp\/v2\/media?parent=2467"}],"curies":[{"name":"wp","href":"https:\/\/api.w.org\/{rel}","templated":true}]}}