{"id":1780,"date":"2016-01-14T12:22:02","date_gmt":"2016-01-14T11:22:02","guid":{"rendered":"http:\/\/eugeneistomin.com\/?page_id=1780"},"modified":"2020-02-21T23:50:40","modified_gmt":"2020-02-21T22:50:40","slug":"la-grece","status":"publish","type":"page","link":"https:\/\/www.eugeneistomin.com\/fr\/lhomme\/la-politique-et-lhistoire\/la-grece\/","title":{"rendered":"La Gr\u00e8ce"},"content":{"rendered":"<div class=\"fusion-fullwidth fullwidth-box fusion-builder-row-1 hundred-percent-fullwidth non-hundred-percent-height-scrolling\" style=\"--awb-border-radius-top-left:0px;--awb-border-radius-top-right:0px;--awb-border-radius-bottom-right:0px;--awb-border-radius-bottom-left:0px;--awb-overflow:visible;\" ><div class=\"fusion-builder-row fusion-row\"><div class=\"fusion-layout-column fusion_builder_column fusion-builder-column-0 fusion_builder_column_1_1 1_1 fusion-one-full fusion-column-first fusion-column-last fusion-column-no-min-height\" style=\"--awb-bg-size:cover;--awb-margin-bottom:0px;\"><div class=\"fusion-column-wrapper fusion-flex-column-wrapper-legacy\"><div class=\"fusion-text fusion-text-1\"><div id=\"attachment_1897\" style=\"width: 338px\" class=\"wp-caption alignleft\"><a href=\"https:\/\/eugeneistomin.com\/wp-content\/uploads\/2016\/01\/Hadjidakis-1.jpg\"><img aria-describedby=\"caption-attachment-1897\" decoding=\"async\" class=\"wp-image-1897 size-full\" src=\"https:\/\/eugeneistomin.com\/wp-content\/uploads\/2016\/01\/Hadjidakis-1.jpg\" alt=\"Hadjidakis-1\" width=\"328\" height=\"424\" srcset=\"https:\/\/www.eugeneistomin.com\/wp-content\/uploads\/2016\/01\/Hadjidakis-1-232x300.jpg 232w, https:\/\/www.eugeneistomin.com\/wp-content\/uploads\/2016\/01\/Hadjidakis-1.jpg 328w\" sizes=\"(max-width: 328px) 100vw, 328px\" \/><\/a><p id=\"caption-attachment-1897\" class=\"wp-caption-text\">Manos Hadjidakis au d\u00e9but des ann\u00e9es 60<\/p><\/div>\n<p class=\"p1\">Pour Istomin, la Gr\u00e8ce \u00e9tait le berceau de la civilisation moderne. Il avait un v\u00e9ritable amour pour ce pays. En ao\u00fbt 1951, apr\u00e8s avoir enregistr\u00e9 au Th\u00e9\u00e2tre de Perpignan quatre trios de Beethoven et un trio de Schubert avec Casals, Schneider et Istomin partirent pour la Gr\u00e8ce. Apr\u00e8s une premi\u00e8re \u00e9tape \u00e0 Salonique, ils se rendirent \u00e0 Ath\u00e8nes o\u00f9 ils se li\u00e8rent d\u2019amiti\u00e9 avec Manos Hadjidakis. Hadjidakis, qui avait le m\u00eame \u00e2ge qu\u2019Istomin, \u00e9tait d\u00e9j\u00e0 un compositeur de chansons tr\u00e8s populaire en Gr\u00e8ce. Il allait devenir un des plus c\u00e9l\u00e8bres compositeurs de musique de film, remportant un oscar en 1960 pour la musique du film de Jules Dassin <em>Jamais le dimanche<\/em>. Il se fit aussi un nom dans la pop music am\u00e9ricaine. Mais en m\u00eame temps, il resta toute sa vie un compositeur d\u2019avant-garde, collaborant avec des metteurs en sc\u00e8ne exp\u00e9rimentaux, \u00e9crivant des musiques de ballet pour B\u00e9jart, fondant un ensemble pour cr\u00e9er en Gr\u00e8ce les \u0153uvres de Xenakis et des autres grands compositeurs contemporains. Il fut aussi le directeur musical de l\u2019Orchestre National avec lequel Istomin eut plusieurs fois l\u2019occasion de jouer sous sa direction.<\/p>\n<\/div><div class=\"fusion-clearfix\"><\/div><\/div><\/div><div class=\"fusion-layout-column fusion_builder_column fusion-builder-column-1 fusion_builder_column_1_1 1_1 fusion-one-full fusion-column-first fusion-column-last fusion-column-no-min-height\" style=\"--awb-bg-size:cover;--awb-margin-bottom:0px;\"><div class=\"fusion-column-wrapper fusion-flex-column-wrapper-legacy\"><div class=\"fusion-title title fusion-title-1 fusion-title-text fusion-title-size-three\"><h3 class=\"title-heading-left fusion-responsive-typography-calculated\" style=\"margin:0;--fontSize:16;--minFontSize:16;line-height:1.5;\"><strong>Une passion pour la civilisation grecque<\/strong><\/h3><span class=\"awb-title-spacer\"><\/span><div class=\"title-sep-container\"><div class=\"title-sep sep- sep-solid\" style=\"border-color:#e0dede;\"><\/div><\/div><\/div><div class=\"fusion-text fusion-text-2\"><div id=\"attachment_1898\" style=\"width: 410px\" class=\"wp-caption alignright\"><a href=\"https:\/\/eugeneistomin.com\/wp-content\/uploads\/2016\/01\/1962-Athenes-Festival.jpg\"><img aria-describedby=\"caption-attachment-1898\" decoding=\"async\" class=\"wp-image-1898\" src=\"https:\/\/eugeneistomin.com\/wp-content\/uploads\/2016\/01\/1962-Athenes-Festival.jpg\" alt=\"Istomin en r\u00e9cital au Th\u00e9\u00e2tre Herod Atticus en 1962\" width=\"400\" height=\"567\" srcset=\"https:\/\/www.eugeneistomin.com\/wp-content\/uploads\/2016\/01\/1962-Athenes-Festival-212x300.jpg 212w, https:\/\/www.eugeneistomin.com\/wp-content\/uploads\/2016\/01\/1962-Athenes-Festival-722x1024.jpg 722w, https:\/\/www.eugeneistomin.com\/wp-content\/uploads\/2016\/01\/1962-Athenes-Festival.jpg 1200w\" sizes=\"(max-width: 400px) 100vw, 400px\" \/><\/a><p id=\"caption-attachment-1898\" class=\"wp-caption-text\">Istomin en r\u00e9cital au Th\u00e9\u00e2tre Herod Atticus au Festival d&rsquo;Ath\u00e8nes 1962<\/p><\/div>\n<p class=\"p1\">A Ath\u00e8nes, Istomin fut subjugu\u00e9 par l\u2019Acropole, submerg\u00e9 par l\u2019\u00e9motion. Il y passa une journ\u00e9e enti\u00e8re, malgr\u00e9 le soleil br\u00fblant. Il avait le sentiment de p\u00e9n\u00e9trer l\u2019esprit de la Gr\u00e8ce de P\u00e9ricl\u00e8s, le berceau de la d\u00e9mocratie, de l\u2019art. Ce qui le bouleversait aussi, c\u2019\u00e9tait la destin\u00e9e de cette civilisation, son ascension admirable et irr\u00e9sistible, et sa chute inexorable. Cette interrogation l\u2019amena \u00e0 lire de nombreux livres et \u00e0 s\u2019int\u00e9resser tout particuli\u00e8rement aux th\u00e9ories d\u2019Arnold Toynbee, l\u2019historien britannique qui publia les 12 volumes de son <i>Etude de l\u2019histoire<\/i> entre 1934 et 1961. Cette somme se pr\u00e9sente comme une analyse de la naissance, de l\u2019essor et du d\u00e9clin de toutes les civilisations. Chaque civilisation na\u00eet dans la difficult\u00e9 de relever des d\u00e9fis de diverses natures, \u00e9conomiques, technologiques ou sociaux. Elle ne peut y parvenir que gr\u00e2ce \u00e0 une minorit\u00e9 cr\u00e9atrice qui entra\u00eene l\u2019ensemble de la population. Tant qu\u2019il y a des d\u00e9fis \u00e0 relever, la civilisation se d\u00e9veloppe, ensuite elle d\u00e9cline inexorablement\u00a0: \u00ab\u00a0Les civilisations meurent par suicide, non par meurtre.\u00a0\u00bb Eugene Istomin rencontra Toynbee \u00e0 la fin des ann\u00e9es 50 et \u00e9tablit avec lui des liens d\u2019amiti\u00e9 durables (cf. page consacr\u00e9e \u00e0\u00a0Toynbee). Il s\u2019\u00e9tait mis \u00e0 apprendre le grec et il commen\u00e7a une collection de vases et d\u2019antiquit\u00e9s qu\u2019il poursuivit tout au long de sa vie.<\/p>\n<\/div><div class=\"fusion-clearfix\"><\/div><\/div><\/div><div class=\"fusion-layout-column fusion_builder_column fusion-builder-column-2 fusion_builder_column_1_1 1_1 fusion-one-full fusion-column-first fusion-column-last fusion-column-no-min-height\" style=\"--awb-bg-size:cover;--awb-margin-bottom:0px;\"><div class=\"fusion-column-wrapper fusion-flex-column-wrapper-legacy\"><div class=\"fusion-title title fusion-title-2 fusion-title-text fusion-title-size-three\"><h3 class=\"title-heading-left fusion-responsive-typography-calculated\" style=\"margin:0;--fontSize:16;--minFontSize:16;line-height:1.5;\"><strong>La rencontre d\u2019Ir\u00e8ne de Gr\u00e8ce<\/strong><\/h3><span class=\"awb-title-spacer\"><\/span><div class=\"title-sep-container\"><div class=\"title-sep sep- sep-solid\" style=\"border-color:#e0dede;\"><\/div><\/div><\/div><div class=\"fusion-text fusion-text-3\"><div id=\"attachment_1899\" style=\"width: 322px\" class=\"wp-caption alignleft\"><a href=\"https:\/\/eugeneistomin.com\/wp-content\/uploads\/2016\/01\/princesse-Irene.jpg\"><img aria-describedby=\"caption-attachment-1899\" decoding=\"async\" class=\"wp-image-1899 size-full\" src=\"https:\/\/eugeneistomin.com\/wp-content\/uploads\/2016\/01\/princesse-Irene.jpg\" alt=\"princesse-Irene\" width=\"312\" height=\"401\" srcset=\"https:\/\/www.eugeneistomin.com\/wp-content\/uploads\/2016\/01\/princesse-Irene-233x300.jpg 233w, https:\/\/www.eugeneistomin.com\/wp-content\/uploads\/2016\/01\/princesse-Irene.jpg 312w\" sizes=\"(max-width: 312px) 100vw, 312px\" \/><\/a><p id=\"caption-attachment-1899\" class=\"wp-caption-text\">la princesse Ir\u00e8ne de Gr\u00e8ce<\/p><\/div>\n<p class=\"p1\">Ce fut une grande \u00e9motion pour Istomin d\u2019\u00eatre invit\u00e9 \u00e0 donner un r\u00e9cital au Th\u00e9\u00e2tre Herod Atticus en juillet 1962 lors du festival d\u2019Ath\u00e8nes. A la fin du concert, son amie Gina Bachauer, la grande pianiste d\u2019origine grecque, vint le f\u00e9liciter et l\u2019inviter \u00e0 une r\u00e9ception au Palais Royal. Apr\u00e8s un moment difficile, li\u00e9 \u00e0 la pr\u00e9sence d\u2019Herbert von Karajan avec lequel il ne voulait pas avoir de contacts, la soir\u00e9e fut tr\u00e8s cordiale. Gina Bachauer et Eugene Istomin interpr\u00e9t\u00e8rent le <i>Deuxi\u00e8me Concerto<\/i> de Rachmaninov, Istomin improvisant l\u2019accompagnement orchestral au deuxi\u00e8me piano. Gina Bachauer \u00e9tait tr\u00e8s proche de la famille royale et elle enseignait le piano aux deux princesses, Ir\u00e8ne et Sofia. Istomin fut s\u00e9duit par Ir\u00e8ne, qui avait alors vingt ans. Elle \u00e9tait une excellente pianiste, et se produisit en public pour des concerts de bienfaisance. Elle fut \u00e9galement invit\u00e9e avec Gina Bachauer par Milton Katims pour jouer sous sa direction avec l\u2019Orchestre Symphonique de Seattle le <i>Concerto pour deux claviers BWV 1061<\/i> de Bach. Katims en fit le compte-rendu suivant dans son livre de souvenirs <i>The Pleasure was Ours\u00a0<\/i>: \u00ab\u00a0Ir\u00e8ne joua tr\u00e8s bien et fut la digne partenaire de son c\u00e9l\u00e8bre professeur. Le public l\u2019acclama lorsqu\u2019elle apparut sur sc\u00e8ne dans une robe blanche scintillante, avec une petite tiare de diamants dans ses cheveux bruns fonc\u00e9. Elle avait l\u2019allure et le jeu d\u2019une princesse.\u00a0\u00bb<\/p>\n<p class=\"p1\">Eugene et Ir\u00e8ne se revirent tr\u00e8s r\u00e9guli\u00e8rement, \u00e0 l\u2019occasion de concerts ou de manifestations officielles (notamment une r\u00e9ception officielle \u00e0 la Maison Blanche en f\u00e9vrier 1967). Ils se t\u00e9moign\u00e8rent leur grande affection mutuelle, mais le protocole obligeait une h\u00e9riti\u00e8re potentielle du tr\u00f4ne de Gr\u00e8ce \u00e0 se contenter de rencontres tr\u00e8s formelles. Leur amiti\u00e9 resta n\u00e9anmoins tr\u00e8s vive jusqu\u2019\u00e0 la mort d\u2019Istomin. A l\u2019occasion de son soixante-quinzi\u00e8me anniversaire, elle lui \u00e9crivit\u00a0: \u00ab\u00a0Vous \u00eates une personne d\u2019une telle simplicit\u00e9, d\u2019une telle gentillesse que l\u2019on doit se pincer pour ne pas oublier quel musicien extraordinaire vous \u00eates et \u00e0 quel point votre jeu est inspirant\u00a0!\u00a0\u00bb<\/p>\n<div id=\"attachment_1900\" style=\"width: 679px\" class=\"wp-caption aligncenter\"><a href=\"https:\/\/eugeneistomin.com\/wp-content\/uploads\/2016\/01\/Eugene-et-famille-royale-grecque-Juan-Carlos.jpg\"><img aria-describedby=\"caption-attachment-1900\" decoding=\"async\" class=\"wp-image-1900 size-large\" src=\"https:\/\/eugeneistomin.com\/wp-content\/uploads\/2016\/01\/Eugene-et-famille-royale-grecque-Juan-Carlos-1024x631.jpg\" alt=\"Istomin et la famille royale de Gr\u00e8ce - la Princesse Irene est la troisi\u00e8me en partant de la droite, apr\u00e8s Juan Carlos d\u2019Espagne et Sofia\" width=\"669\" height=\"412\" srcset=\"https:\/\/www.eugeneistomin.com\/wp-content\/uploads\/2016\/01\/Eugene-et-famille-royale-grecque-Juan-Carlos-300x185.jpg 300w, https:\/\/www.eugeneistomin.com\/wp-content\/uploads\/2016\/01\/Eugene-et-famille-royale-grecque-Juan-Carlos-1024x631.jpg 1024w, https:\/\/www.eugeneistomin.com\/wp-content\/uploads\/2016\/01\/Eugene-et-famille-royale-grecque-Juan-Carlos.jpg 1623w\" sizes=\"(max-width: 669px) 100vw, 669px\" \/><\/a><p id=\"caption-attachment-1900\" class=\"wp-caption-text\">Istomin et la famille royale de Gr\u00e8ce &#8211; la Princesse Irene est la troisi\u00e8me en partant de la droite, apr\u00e8s Juan Carlos d\u2019Espagne et Sofia<\/p><\/div>\n<\/div><div class=\"fusion-clearfix\"><\/div><\/div><\/div><div class=\"fusion-layout-column fusion_builder_column fusion-builder-column-3 fusion_builder_column_1_1 1_1 fusion-one-full fusion-column-first fusion-column-last fusion-column-no-min-height\" style=\"--awb-bg-size:cover;--awb-margin-bottom:0px;\"><div class=\"fusion-column-wrapper fusion-flex-column-wrapper-legacy\"><div class=\"fusion-title title fusion-title-3 fusion-title-text fusion-title-size-three\"><h3 class=\"title-heading-left fusion-responsive-typography-calculated\" style=\"margin:0;--fontSize:16;--minFontSize:16;line-height:1.5;\"><strong>Le coup d\u2019\u00e9tat de 1967 et ses cons\u00e9quences<\/strong><\/h3><span class=\"awb-title-spacer\"><\/span><div class=\"title-sep-container\"><div class=\"title-sep sep- sep-solid\" style=\"border-color:#e0dede;\"><\/div><\/div><\/div><div class=\"fusion-text fusion-text-4\"><p class=\"p1\">Un autre \u00e9v\u00e9nement, d\u2019ordre politique cette fois, bouleversa Istomin\u00a0: le coup d\u2019\u00e9tat d\u2019avril 1967, foment\u00e9 par la CIA qui craignait que le Roi Constantin ne puisse faire face \u00e0 la probable victoire de la gauche aux \u00e9lections l\u00e9gislatives \u00e0 venir. Cela pouvait signifier le d\u00e9part de la Gr\u00e8ce de l\u2019OTAN, son rapprochement avec l\u2019URSS, une modification importante des \u00e9quilibres en M\u00e9diterran\u00e9e. La 6<sup>\u00e8me<\/sup> Flotte am\u00e9ricaine, qui venait d\u2019\u00eatre chass\u00e9e de France et de s\u2019installer en Italie, pourrait voir sa mission consid\u00e9rablement compliqu\u00e9e&#8230;<\/p>\n<p class=\"p1\">Un r\u00e9gime fasciste fut alors instaur\u00e9. Tous les opposants furent arr\u00eat\u00e9s, jet\u00e9s en prison, ou parqu\u00e9s dans des \u00eeles. Manos Hadjidakis fut oblig\u00e9 de s\u2019exiler \u00e0 New York o\u00f9 Istomin l\u2019accueillit et l\u2019h\u00e9bergea pendant un moment. Istomin devait donner quelques semaines plus tard deux concerts avec Isaac Stern et Leonard Rose au Th\u00e9\u00e2tre Herod Atticus dans le cadre du festival d\u2019Ath\u00e8nes. Un comit\u00e9 comprenant notamment Leonard Bernstein, Edward Albee, Jules Dassin et M\u00e9lina Mercouri enjoignit aux artistes d\u2019annuler toute participation \u00e0 des \u00e9v\u00e9nements culturels en Gr\u00e8ce, qui pourraient \u00eatre consid\u00e9r\u00e9s comme des marques de soutien au r\u00e9gime fasciste. Il y eut une grande discussion chez Pierre Salinger, et finalement le Trio d\u00e9cida de donner les deux concerts, pr\u00e9vus les 29 et 30 juin, et d\u2019essayer de manifester le plus clairement possible leur d\u00e9sapprobation du r\u00e9gime et leur soutien pour les prisonniers politiques. Istomin s\u2019\u00e9tait ralli\u00e9 \u00e0 cette proposition, alors qu\u2019il aurait pr\u00e9f\u00e9r\u00e9 renoncer. Il fit ensuite conna\u00eetre sa d\u00e9cision de ne plus retourner en Gr\u00e8ce tant que le r\u00e9gime serait en place.<\/p>\n<p class=\"p1\">En 1974, une fois la d\u00e9mocratie restaur\u00e9e, il re\u00e7ut une lettre de remerciement du nouveau gouvernement pour sa sympathie et son soutien, l\u2019invitant \u00e0 venir rejouer en Gr\u00e8ce d\u00e8s que possible. Il retrouva effectivement tr\u00e8s vite l\u2019Orchestre National de Gr\u00e8ce dont Manos Hadjidakis \u00e9tait devenu le directeur musical.<\/p>\n<\/div><div class=\"fusion-clearfix\"><\/div><\/div><\/div><\/div><\/div>\n","protected":false},"excerpt":{"rendered":"","protected":false},"author":2,"featured_media":0,"parent":355,"menu_order":0,"comment_status":"open","ping_status":"open","template":"","meta":[],"acf":[],"_links":{"self":[{"href":"https:\/\/www.eugeneistomin.com\/fr\/wp-json\/wp\/v2\/pages\/1780"}],"collection":[{"href":"https:\/\/www.eugeneistomin.com\/fr\/wp-json\/wp\/v2\/pages"}],"about":[{"href":"https:\/\/www.eugeneistomin.com\/fr\/wp-json\/wp\/v2\/types\/page"}],"author":[{"embeddable":true,"href":"https:\/\/www.eugeneistomin.com\/fr\/wp-json\/wp\/v2\/users\/2"}],"replies":[{"embeddable":true,"href":"https:\/\/www.eugeneistomin.com\/fr\/wp-json\/wp\/v2\/comments?post=1780"}],"version-history":[{"count":10,"href":"https:\/\/www.eugeneistomin.com\/fr\/wp-json\/wp\/v2\/pages\/1780\/revisions"}],"predecessor-version":[{"id":7508,"href":"https:\/\/www.eugeneistomin.com\/fr\/wp-json\/wp\/v2\/pages\/1780\/revisions\/7508"}],"up":[{"embeddable":true,"href":"https:\/\/www.eugeneistomin.com\/fr\/wp-json\/wp\/v2\/pages\/355"}],"wp:attachment":[{"href":"https:\/\/www.eugeneistomin.com\/fr\/wp-json\/wp\/v2\/media?parent=1780"}],"curies":[{"name":"wp","href":"https:\/\/api.w.org\/{rel}","templated":true}]}}