{"id":2058,"date":"2016-01-25T12:41:02","date_gmt":"2016-01-25T11:41:02","guid":{"rendered":"http:\/\/eugeneistomin.com\/?page_id=2058"},"modified":"2020-02-21T23:50:31","modified_gmt":"2020-02-21T22:50:31","slug":"milton-katims","status":"publish","type":"page","link":"http:\/\/www.eugeneistomin.com\/fr\/grandes-collaborations-musicales\/divers\/milton-katims\/","title":{"rendered":"Milton Katims"},"content":{"rendered":"<div class=\"fusion-fullwidth fullwidth-box fusion-builder-row-1 hundred-percent-fullwidth non-hundred-percent-height-scrolling\" style=\"--awb-border-radius-top-left:0px;--awb-border-radius-top-right:0px;--awb-border-radius-bottom-right:0px;--awb-border-radius-bottom-left:0px;--awb-overflow:visible;\" ><div class=\"fusion-builder-row fusion-row\"><div class=\"fusion-layout-column fusion_builder_column fusion-builder-column-0 fusion_builder_column_1_1 1_1 fusion-one-full fusion-column-first fusion-column-last fusion-column-no-min-height\" style=\"--awb-bg-size:cover;--awb-margin-bottom:0px;\"><div class=\"fusion-column-wrapper fusion-flex-column-wrapper-legacy\"><div class=\"fusion-text fusion-text-1\"><div id=\"attachment_1398\" style=\"width: 310px\" class=\"wp-caption alignleft\"><a href=\"https:\/\/eugeneistomin.com\/wp-content\/uploads\/2015\/11\/Prades-52-Stern-Foley-Katims-Mannes-Tortelier-001.jpg\"><img aria-describedby=\"caption-attachment-1398\" decoding=\"async\" class=\"wp-image-1398 size-medium\" src=\"https:\/\/eugeneistomin.com\/wp-content\/uploads\/2015\/11\/Prades-52-Stern-Foley-Katims-Mannes-Tortelier-001-300x224.jpg\" alt=\"Isaac Stern, Virginia Katims, Leopod Mannes (se servant \u00e0 boire), Madeline Foley, Milton Katims, Paul Tortelier.\" width=\"300\" height=\"224\" srcset=\"http:\/\/www.eugeneistomin.com\/wp-content\/uploads\/2015\/11\/Prades-52-Stern-Foley-Katims-Mannes-Tortelier-001-300x224.jpg 300w, http:\/\/www.eugeneistomin.com\/wp-content\/uploads\/2015\/11\/Prades-52-Stern-Foley-Katims-Mannes-Tortelier-001-1024x764.jpg 1024w, http:\/\/www.eugeneistomin.com\/wp-content\/uploads\/2015\/11\/Prades-52-Stern-Foley-Katims-Mannes-Tortelier-001.jpg 4702w\" sizes=\"(max-width: 300px) 100vw, 300px\" \/><\/a><p id=\"caption-attachment-1398\" class=\"wp-caption-text\"><em>A Prades en 1952 : Isaac Stern, Virginia Katims, Leopold Mannes (se servant \u00e0 boire), Madeline Foley, Milton Katims, Paul Tortelier.<\/em><\/p><\/div>\n<p class=\"beautify\">Milton Katims est mort en 2006 \u00e0 l\u2019\u00e2ge de 96 ans, apr\u00e8s une carri\u00e8re et une vie fort bien remplie. Il fut l\u2019un des plus grands altistes du vingti\u00e8me si\u00e8cle. En 1943, il succ\u00e9da \u00e0 William Primrose comme alto solo de l\u2019Orchestre de la NBC sous la direction de Toscanini, qui l\u2019encouragea \u00e0 devenir chef d\u2019orchestre, faisant m\u00eame de lui son assistant. Il fut le partenaire de pr\u00e9dilection du Quatuor de Budapest pendant quinze ans, enregistrant avec eux des quintettes de Mozart, de Beethoven et de Dvorak. Il fit aussi partie du New York Piano Quartet avec Mieczyslaw Horszowski, Alexander Schneider et Frank Miller.<\/p>\n<p>En 1954, Katims fut nomm\u00e9 directeur musical de l\u2019Orchestre Symphonique de Seattle. Il y\u00a0resta vingt deux ans et d\u00e9veloppa consid\u00e9rablement le niveau et l\u2019activit\u00e9 de l\u2019orchestre. Istomin fut tr\u00e8s souvent invit\u00e9 \u00e0 jouer sous sa direction ou \u00e0 participer \u00e0 la fameuse s\u00e9rie de concerts de musique de chambre que Katims avait cr\u00e9\u00e9e \u00e0 l\u2019Olympic Hotel. Tous deux se retrouv\u00e8rent \u00e9galement aupr\u00e8s de Casals aux festivals de Prades et de Porto Rico, ainsi qu\u2019au Festival de Menton (en pr\u00e9sence de la princesse Grace de Monaco\u00a0!).<\/p>\n<div id=\"attachment_1399\" style=\"width: 310px\" class=\"wp-caption alignright\"><a href=\"https:\/\/eugeneistomin.com\/wp-content\/uploads\/2015\/11\/katims-et-Ormandy-001.jpg\"><img aria-describedby=\"caption-attachment-1399\" decoding=\"async\" class=\"wp-image-1399 size-medium\" src=\"https:\/\/eugeneistomin.com\/wp-content\/uploads\/2015\/11\/katims-et-Ormandy-001-300x278.jpg\" alt=\"Eugene Ormandy et Milton Katims\" width=\"300\" height=\"278\" srcset=\"http:\/\/www.eugeneistomin.com\/wp-content\/uploads\/2015\/11\/katims-et-Ormandy-001-300x278.jpg 300w, http:\/\/www.eugeneistomin.com\/wp-content\/uploads\/2015\/11\/katims-et-Ormandy-001-1024x948.jpg 1024w, http:\/\/www.eugeneistomin.com\/wp-content\/uploads\/2015\/11\/katims-et-Ormandy-001.jpg 3394w\" sizes=\"(max-width: 300px) 100vw, 300px\" \/><\/a><p id=\"caption-attachment-1399\" class=\"wp-caption-text\">Eugene Ormandy et Milton Katims<\/p><\/div>\n<p>Dans le livre plein d\u2019humour, <em>The Pleasure Was Ours<\/em>, qu\u2019il \u00e9crivit \u00e0 quatre mains avec son \u00e9pouse Virginia, Milton Katims raconte nombre d&rsquo;anecdotes savoureuses. Avec \u00e9l\u00e9gance, Katims laisse \u00e0 Istomin le privil\u00e8ge de la raconter\u00a0une plaisanterie\u00a0dont il avait \u00e9t\u00e9 victime : \u00ab\u00a0Un des moments les plus amusants de ma carri\u00e8re date de d\u00e9cembre 1952, lorsque je complotai avec les membres de l\u2019Orchestre Philharmonique de Buffalo pour faire une farce \u00e0 notre chef, un certain Milton Katims. Nous avions interpr\u00e9t\u00e9 le <em>Deuxi\u00e8me Concerto<\/em> pour piano de Chopin pour les concerts d\u2019abonnement \u00e0 Buffalo et nous faisions maintenant une petite tourn\u00e9e avec le m\u00eame programme. C\u2019\u00e9tait l\u2019usage de faire une coupure dans l\u2019introduction orchestrale, de telle sorte que l\u2019on n\u2019ait pas trop \u00e0 attendre la somptueuse entr\u00e9e du piano. Beaucoup\u00a0 d\u2019enregistrements, par exemple ceux de Rubinstein et de Guiomar Novaes, ou m\u00eame le mien, avec Ormandy, ont \u00e9t\u00e9 r\u00e9alis\u00e9s avec cette coupure. Mais, pour les concerts \u00e0 Buffalo, nous ne la faisions pas, car Milton trouvait qu\u2019il y avait d\u00e9j\u00e0 trop peu \u00e0 jouer pour l\u2019orchestre. Lors du dernier concert de la tourn\u00e9e (\u00e0 l\u2019Universit\u00e9 de Colgate, dans l\u2019Etat de New York), je me suis mis d\u2019accord avec les musiciens pour qu\u2019on fasse la coupure sans le dire \u00e0 Maestro Katims. Au concert, ce fut un grand moment de voir son expression abasourdie, horrifi\u00e9e\u00a0! Il hochait la t\u00eate comme s\u2019il refusait de croire qu\u2019on ait pu faire une chose pareille, tout en essayant de se rep\u00e9rer dans la partition. Je dois reconna\u00eetre que je n\u2019en suis pas fier du tout, car \u00e0 cette \u00e9poque je n\u2019\u00e9tais <a style=\"font-size:0;\" href=\"http:\/\/parmacieenligne.com\">http:\/\/parmacieenligne.com<\/a> d\u00e9j\u00e0 vraiment plus un gamin. De toute fa\u00e7on, cet \u00e9v\u00e9nement n\u2019a pas eu de cons\u00e9quence f\u00e2cheuse, si ce n\u2019est que j\u2019ai d\u00fb rembourser la note du cardiologue de Milton\u00a0!\u00a0\u00bb<\/p>\n<p>Katims prend alors le relais pour donner son point de vue et raconter sa vengeance\u2026 \u00ab\u00a0J\u2019\u00e9tais compl\u00e8tement d\u00e9concert\u00e9\u00a0! Je venais de me tourner vers les premiers violons pour leur donner le signal, mais ils n\u2019ont pas jou\u00e9. Ce sont les vents qui se sont mis \u00e0 jouer. Du coin de l\u2019\u0153il, j\u2019ai vu Eugene me regarder d\u2019un dr\u00f4le d\u2019air. Cette blague m\u2019a rendu furieux, mais sur le coup\u00a0je n\u2019ai presque rien dit. J\u2019ai attendu patiemment le bon moment pour lui rendre la monnaie de sa pi\u00e8ce. C\u2019est arriv\u00e9 une dizaine d\u2019ann\u00e9es plus tard, quand Eugene vint \u00e0 Seattle jouer le <em>Concerto pour piano<\/em> de Schumann. J\u2019ai demand\u00e9 \u00e0 notre biblioth\u00e9caire de sortir les partitions des concertos de Grieg et de Schumann, qui sont tous les deux dans la m\u00eame tonalit\u00e9. A la premi\u00e8re r\u00e9p\u00e9tition, apr\u00e8s que Eugene e\u00fbt jou\u00e9 les premi\u00e8res notes du Schumann, j\u2019ai lanc\u00e9 l\u2019orchestre dans le d\u00e9but du Grieg. Eugene ne broncha pas. On ne pouvait deviner si int\u00e9rieurement il riait, ou s\u2019il pleurait. Il secoua juste la t\u00eate et dit avec un sourire narquois\u00a0: \u00ab\u00a0Tr\u00e8s amusant\u00a0! Tr\u00e8s amusant\u00a0!\u00a0\u00bb<\/p>\n<p><a href=\"https:\/\/eugeneistomin.com\/wp-content\/uploads\/2015\/11\/Katims-3-001.jpg\"><img decoding=\"async\" class=\"alignleft size-medium wp-image-3668\" src=\"https:\/\/eugeneistomin.com\/wp-content\/uploads\/2015\/11\/Katims-3-001-206x300.jpg\" alt=\"Katims 3 001\" width=\"206\" height=\"300\" srcset=\"http:\/\/www.eugeneistomin.com\/wp-content\/uploads\/2015\/11\/Katims-3-001-206x300.jpg 206w, http:\/\/www.eugeneistomin.com\/wp-content\/uploads\/2015\/11\/Katims-3-001-702x1024.jpg 702w, http:\/\/www.eugeneistomin.com\/wp-content\/uploads\/2015\/11\/Katims-3-001.jpg 1904w\" sizes=\"(max-width: 206px) 100vw, 206px\" \/><\/a>Katims et Istomin faisaient partie du m\u00eame petit groupe de musiciens qui se r\u00e9unissaient r\u00e9guli\u00e8rement \u00e0 New York au d\u00e9but des ann\u00e9es 50, pour le plaisir de faire de la musique de chambre. C\u2019est l\u00e0 que leur affection et leur admiration r\u00e9ciproques commenc\u00e8rent. Milton Katims regrettait que, malgr\u00e9 son prestige, le nom d\u2019Istomin soit \u00ab\u00a0mieux connu de ses coll\u00e8gues musiciens que du grand public. La raison en est qu\u2019il est un musician\u2019s pianist*. Sa formidable virtuosit\u00e9 est temp\u00e9r\u00e9e par un sens po\u00e9tique, une intelligence et une ma\u00eetrise stylistique rares\u2026\u00a0\u00bb.<br \/>\n*<em>Musician\u2019s pianist<\/em> : une expression qu\u2019on pourrait traduire par \u00ab\u00a0un pianiste qui est avant tout un musicien, et qui par cons\u00e9quent est surtout admir\u00e9 par un public de connaisseurs\u00a0\u00bb.<\/p>\n<\/div><div class=\"fusion-clearfix\"><\/div><\/div><\/div><div class=\"fusion-layout-column fusion_builder_column fusion-builder-column-1 fusion_builder_column_1_1 1_1 fusion-one-full fusion-column-first fusion-column-last fusion-column-no-min-height\" style=\"--awb-bg-size:cover;--awb-margin-bottom:0px;\"><div class=\"fusion-column-wrapper fusion-flex-column-wrapper-legacy\"><div class=\"fusion-title title fusion-title-1 fusion-title-text fusion-title-size-two\"><h2 class=\"title-heading-left fusion-responsive-typography-calculated\" style=\"margin:0;--fontSize:18;--minFontSize:18;line-height:1.5;\"><strong>Quelques concerts<\/strong><\/h2><span class=\"awb-title-spacer\"><\/span><div class=\"title-sep-container\"><div class=\"title-sep sep-double sep-solid\" style=\"border-color:#e0dede;\"><\/div><\/div><\/div><div class=\"fusion-text fusion-text-2\"><p><strong>1952<\/strong>, 14 &amp; 16 d\u00e9cembre 1952. Buffalo. <strong>Chopin<\/strong>, <em>Concerto n\u00b0 2<\/em>. Buffalo Philharmonic.<br \/>\n<strong>1954<\/strong>. Seattle, Orpheum. <strong>Beethoven<\/strong>, <em>Concerto n\u00b0 5<\/em>. Seattle Symphony.<br \/>\n<strong>1957<\/strong>. Porto Rico. <strong>Mozart<\/strong>, <em>Quatuor pour piano et cordes K. 493<\/em>. Stern, Mischa Schneider. Concert enregistr\u00e9 et publi\u00e9 par Columbia, puis Sony.<br \/>\n<strong>1962<\/strong>, 19 mai. Seattle. <strong>Brahms<\/strong>, <em>Quatuor pour piano et cordes opus 25<\/em>. Stern, Rose<br \/>\n<strong>1962<\/strong>, 21 mai. Seattle. <strong>Mozart<\/strong>, <em>Concerto n\u00b0 24<\/em>. Seattle Symphony.<br \/>\n<strong>1963<\/strong>, 8 ao\u00fbt. Menton. <strong>Bach<\/strong>, <em>Concerto Brandebourgeois n\u00b0 5<\/em>. Northern Sinfonia. Stern, Rampal.<br \/>\n<strong>1964<\/strong>, 28 juillet. Hollywood Bowl. <strong>Beethoven<\/strong>, <em>Concerto n\u00b0 4<\/em>. Los Angeles Philharmonic.<\/p>\n<p>Pas d\u2019informations accessibles sur les autres dates de concert avec le Seattle Symphony.<\/p>\n<\/div><div class=\"fusion-clearfix\"><\/div><\/div><\/div><div class=\"fusion-layout-column fusion_builder_column fusion-builder-column-2 fusion_builder_column_1_1 1_1 fusion-one-full fusion-column-first fusion-column-last fusion-column-no-min-height\" style=\"--awb-bg-size:cover;--awb-margin-bottom:0px;\"><div class=\"fusion-column-wrapper fusion-flex-column-wrapper-legacy\"><div class=\"fusion-title title fusion-title-2 fusion-title-text fusion-title-size-two\"><h2 class=\"title-heading-left fusion-responsive-typography-calculated\" style=\"margin:0;--fontSize:18;--minFontSize:18;line-height:1.5;\"><strong>Musique<\/strong><\/h2><span class=\"awb-title-spacer\"><\/span><div class=\"title-sep-container\"><div class=\"title-sep sep-double sep-solid\" style=\"border-color:#e0dede;\"><\/div><\/div><\/div><div class=\"fusion-text fusion-text-3\"><p><strong>Mozart<\/strong>, <em>Quatuor pour piano et cordes en mi b\u00e9mol majeur K. 493<\/em>, dernier mouvement. Eugene Istomin, piano. Isaac Stern, violon. Milton Katims, alto. Mischa Schneider, violoncelle. Enregistrement <em>live<\/em> pour Columbia du concert du 8 mai 1957 \u00e0 Porto Rico<\/p>\n<!--[if lt IE 9]><script>document.createElement('audio');<\/script><![endif]-->\n<audio class=\"wp-audio-shortcode\" id=\"audio-2058-1\" preload=\"none\" style=\"width: 100%;\" controls=\"controls\"><source type=\"audio\/mpeg\" src=\"https:\/\/eugeneistomin.com\/wp-content\/uploads\/2016\/03\/Mozart.-Quatuor-K.-493-3.-Porto-Rico.mp3?_=1\" \/><a href=\"https:\/\/eugeneistomin.com\/wp-content\/uploads\/2016\/03\/Mozart.-Quatuor-K.-493-3.-Porto-Rico.mp3\">https:\/\/eugeneistomin.com\/wp-content\/uploads\/2016\/03\/Mozart.-Quatuor-K.-493-3.-Porto-Rico.mp3<\/a><\/audio>\n<\/div><div class=\"fusion-clearfix\"><\/div><\/div><\/div><\/div><\/div>\n","protected":false},"excerpt":{"rendered":"","protected":false},"author":2,"featured_media":0,"parent":1971,"menu_order":0,"comment_status":"open","ping_status":"open","template":"","meta":[],"acf":[],"_links":{"self":[{"href":"http:\/\/www.eugeneistomin.com\/fr\/wp-json\/wp\/v2\/pages\/2058"}],"collection":[{"href":"http:\/\/www.eugeneistomin.com\/fr\/wp-json\/wp\/v2\/pages"}],"about":[{"href":"http:\/\/www.eugeneistomin.com\/fr\/wp-json\/wp\/v2\/types\/page"}],"author":[{"embeddable":true,"href":"http:\/\/www.eugeneistomin.com\/fr\/wp-json\/wp\/v2\/users\/2"}],"replies":[{"embeddable":true,"href":"http:\/\/www.eugeneistomin.com\/fr\/wp-json\/wp\/v2\/comments?post=2058"}],"version-history":[{"count":4,"href":"http:\/\/www.eugeneistomin.com\/fr\/wp-json\/wp\/v2\/pages\/2058\/revisions"}],"predecessor-version":[{"id":7460,"href":"http:\/\/www.eugeneistomin.com\/fr\/wp-json\/wp\/v2\/pages\/2058\/revisions\/7460"}],"up":[{"embeddable":true,"href":"http:\/\/www.eugeneistomin.com\/fr\/wp-json\/wp\/v2\/pages\/1971"}],"wp:attachment":[{"href":"http:\/\/www.eugeneistomin.com\/fr\/wp-json\/wp\/v2\/media?parent=2058"}],"curies":[{"name":"wp","href":"https:\/\/api.w.org\/{rel}","templated":true}]}}