{"id":1319,"date":"2015-11-19T18:20:19","date_gmt":"2015-11-19T17:20:19","guid":{"rendered":"http:\/\/eugeneistomin.com\/?page_id=1319"},"modified":"2020-02-21T23:51:02","modified_gmt":"2020-02-21T22:51:02","slug":"pierre-monteux","status":"publish","type":"page","link":"http:\/\/www.eugeneistomin.com\/fr\/grandes-collaborations-musicales\/chefs-dorchestre\/pierre-monteux\/","title":{"rendered":"Pierre Monteux"},"content":{"rendered":"<div class=\"fusion-fullwidth fullwidth-box fusion-builder-row-1 hundred-percent-fullwidth non-hundred-percent-height-scrolling\" style=\"--awb-border-radius-top-left:0px;--awb-border-radius-top-right:0px;--awb-border-radius-bottom-right:0px;--awb-border-radius-bottom-left:0px;--awb-overflow:visible;\" ><div class=\"fusion-builder-row fusion-row\"><div class=\"fusion-layout-column fusion_builder_column fusion-builder-column-0 fusion_builder_column_1_1 1_1 fusion-one-full fusion-column-first fusion-column-last fusion-column-no-min-height\" style=\"--awb-bg-size:cover;--awb-margin-bottom:0px;\"><div class=\"fusion-column-wrapper fusion-flex-column-wrapper-legacy\"><div class=\"fusion-text fusion-text-1\"><div id=\"attachment_1151\" style=\"width: 310px\" class=\"wp-caption alignleft\"><a href=\"https:\/\/eugeneistomin.com\/wp-content\/uploads\/2015\/07\/1962-Londres-avec-Monteux-Casals-Stern-Rose.jpg\"><img aria-describedby=\"caption-attachment-1151\" decoding=\"async\" class=\"wp-image-1151 size-medium\" src=\"https:\/\/eugeneistomin.com\/wp-content\/uploads\/2015\/07\/1962-Londres-avec-Monteux-Casals-Stern-Rose-300x228.jpg\" alt=\"1962 Londres avec Monteux Casals Stern Rose\" width=\"300\" height=\"228\" srcset=\"http:\/\/www.eugeneistomin.com\/wp-content\/uploads\/2015\/07\/1962-Londres-avec-Monteux-Casals-Stern-Rose-180x138.jpg 180w, http:\/\/www.eugeneistomin.com\/wp-content\/uploads\/2015\/07\/1962-Londres-avec-Monteux-Casals-Stern-Rose-300x228.jpg 300w, http:\/\/www.eugeneistomin.com\/wp-content\/uploads\/2015\/07\/1962-Londres-avec-Monteux-Casals-Stern-Rose-1024x780.jpg 1024w, http:\/\/www.eugeneistomin.com\/wp-content\/uploads\/2015\/07\/1962-Londres-avec-Monteux-Casals-Stern-Rose.jpg 1707w\" sizes=\"(max-width: 300px) 100vw, 300px\" \/><\/a><p id=\"caption-attachment-1151\" class=\"wp-caption-text\"><em>Casals, Rose, Monteux, Istomin et Stern \u00e0 Londres en 1962<\/em><\/p><\/div>\n<p>Istomin eut peu souvent l\u2019occasion de jouer sous la direction de Pierre Monteux. Son r\u00e9pertoire \u00e9tait assez proche de celui de Leon Fleisher, et Monteux avait beaucoup d\u2019estime et d\u2019affection pour Fleisher, si bien qu\u2019il l\u2019invitait de fa\u00e7on presque exclusive pour les concertos de Brahms et de Beethoven. Les quelques concerts qu\u2019Istomin donna avec Monteux furent n\u00e9anmoins des moments tr\u00e8s heureux. Ils avaient la m\u00eame conception du <em>Concerto<\/em> de Schumann, le m\u00eame souci de traduire sa dimension po\u00e9tique en conservant une transparence mozartienne.<br \/>\nIstomin raconta, dans une interview \u00e0 Myriam Soumagnac, un autre moment privil\u00e9gi\u00e9 qu\u2019il avait pass\u00e9 en compagnie de Pierre Monteux, en 1963\u00a0: \u00ab\u00a0Le Trio \u00e9tait \u00e0 Londres pour des concerts.\u00a0 Stern et Rose devaient aussi jouer le <em>Double Concerto<\/em> de Brahms avec Monteux et le London Symphony Orchestra. Or Casals \u00e9tait \u00e9galement \u00e0 Londres pour y diriger son oratorio <em>El Pessebre<\/em>, qu\u2019il pr\u00e9sentait partout dans le monde, en une grande croisade pour la paix et contre la prolif\u00e9ration des armes nucl\u00e9aires. Casals et Monteux avaient pratiquement le m\u00eame \u00e2ge et s\u2019\u00e9taient connus bien avant la\u00a0Premi\u00e8re Guerre Mondiale. Ils avaient \u00e9t\u00e9 de tr\u00e8s proches amis mais ne s\u2019\u00e9taient pas revus depuis pr\u00e8s de trente ans. Stern et moi, nous avons eu l\u2019id\u00e9e de les r\u00e9unir pour un d\u00eener surprise, o\u00f9 aucun ne savait que l\u2019autre serait pr\u00e9sent. Les retrouvailles furent tr\u00e8s joyeuses, avec une foule de souvenirs \u00e9chang\u00e9s, d\u2019anecdotes amusantes. A un moment, j\u2019ai demand\u00e9 \u00e0 Monteux de raconter sa d\u00e9couverte du <em>Sacre du printemps<\/em>. Et voil\u00e0 ce qu\u2019il nous a dit\u00a0: \u00ab\u00a0Eh bien\u00a0! Nous \u00e9tions au Casino \u00e0 Monte-Carlo, Stravinsky m\u2019a fait venir, il s\u2019est install\u00e9 \u00e0 un piano droit et il m\u2019a jou\u00e9 sa partition. Quand il eut fini, je lui ai dit\u00a0: \u00ab\u00a0Mais Igor, tu es compl\u00e8tement fou\u00a0! Ce n\u2019est pas possible, cette musique\u00a0!\u00a0\u00bb Et il m\u2019a r\u00e9pondu\u00a0: \u00ab\u00a0Tu verras, tu feras ta carri\u00e8re avec \u00e7a\u00a0!\u00a0\u00bb.\u00a0 Et l\u00e0 Monteux se tourne vers Casals et lui dit en anglais\u00a0: \u00ab\u00a0I still hate it\u00a0!\u00a0(Je le d\u00e9teste encore)\u00a0\u00bb.<br \/>\nIstomin joua \u00e9galement avec plusieurs des disciples de Monteux, qui avaient suivi son enseignement \u00e0 Hancock\u00a0: son fils Claude Monteux, David Zinman, Werner Tornakowsky, Angel Brushilow, Leon Fleisher\u2026<\/p>\n<\/div><div class=\"fusion-clearfix\"><\/div><\/div><\/div><div class=\"fusion-layout-column fusion_builder_column fusion-builder-column-1 fusion_builder_column_1_1 1_1 fusion-one-full fusion-column-first fusion-column-last fusion-column-no-min-height\" style=\"--awb-bg-size:cover;--awb-margin-bottom:0px;\"><div class=\"fusion-column-wrapper fusion-flex-column-wrapper-legacy\"><div class=\"fusion-title title fusion-title-1 fusion-title-text fusion-title-size-two\"><h2 class=\"title-heading-left fusion-responsive-typography-calculated\" style=\"margin:0;--fontSize:18;--minFontSize:18;line-height:1.5;\">Quelques concerts<\/h2><span class=\"awb-title-spacer\"><\/span><div class=\"title-sep-container\"><div class=\"title-sep sep-double sep-solid\" style=\"border-color:#e0dede;\"><\/div><\/div><\/div><div class=\"fusion-text fusion-text-2\"><p>1957, 10 d\u00e9cembre. Montr\u00e9al. <strong>Schumann<\/strong>, Concerto. Orchestre Symphonique de Montr\u00e9al.<br \/>\n1961, ao\u00fbt. Tanglewood. <strong>Schumann<\/strong>, Concerto. Boston Symphony Orchestra.<\/p>\n<\/div><div class=\"fusion-clearfix\"><\/div><\/div><\/div><div class=\"fusion-layout-column fusion_builder_column fusion-builder-column-2 fusion_builder_column_1_1 1_1 fusion-one-full fusion-column-first fusion-column-last fusion-column-no-min-height\" style=\"--awb-bg-size:cover;--awb-margin-bottom:0px;\"><div class=\"fusion-column-wrapper fusion-flex-column-wrapper-legacy\"><div class=\"fusion-title title fusion-title-2 fusion-title-text fusion-title-size-two\"><h2 class=\"title-heading-left fusion-responsive-typography-calculated\" style=\"margin:0;--fontSize:18;--minFontSize:18;line-height:1.5;\">Document<\/h2><span class=\"awb-title-spacer\"><\/span><div class=\"title-sep-container\"><div class=\"title-sep sep-double sep-solid\" style=\"border-color:#e0dede;\"><\/div><\/div><\/div><div class=\"fusion-text fusion-text-3\"><p>Monteux, \u00e0 la t\u00eate du London Symphony Orchestra,\u00a0dirige <em>L\u2019Apprenti sorcier <\/em>de Paul Dukas. Film\u00e9 en 1961.<\/p>\n<\/div><div class=\"fusion-clearfix\"><\/div><\/div><\/div><div class=\"fusion-layout-column fusion_builder_column fusion-builder-column-3 fusion_builder_column_1_1 1_1 fusion-one-full fusion-column-first fusion-column-last fusion-column-no-min-height\" style=\"--awb-bg-size:cover;--awb-margin-bottom:0px;\"><div class=\"fusion-column-wrapper fusion-flex-column-wrapper-legacy\"><div class=\"fusion-video fusion-youtube\" style=\"--awb-max-width:600px;--awb-max-height:350px;\"><div class=\"video-shortcode\"><div class=\"fluid-width-video-wrapper\" style=\"padding-top:58.33%;\" ><iframe title=\"YouTube video player 1\" src=\"https:\/\/www.youtube.com\/embed\/NjyI_kVsCdY?wmode=transparent&autoplay=0\" width=\"600\" height=\"350\" allowfullscreen allow=\"autoplay; fullscreen\"><\/iframe><\/div><\/div><\/div><div class=\"fusion-clearfix\"><\/div><\/div><\/div><\/div><\/div>\n","protected":false},"excerpt":{"rendered":"","protected":false},"author":1,"featured_media":0,"parent":380,"menu_order":0,"comment_status":"open","ping_status":"open","template":"","meta":[],"acf":[],"_links":{"self":[{"href":"http:\/\/www.eugeneistomin.com\/fr\/wp-json\/wp\/v2\/pages\/1319"}],"collection":[{"href":"http:\/\/www.eugeneistomin.com\/fr\/wp-json\/wp\/v2\/pages"}],"about":[{"href":"http:\/\/www.eugeneistomin.com\/fr\/wp-json\/wp\/v2\/types\/page"}],"author":[{"embeddable":true,"href":"http:\/\/www.eugeneistomin.com\/fr\/wp-json\/wp\/v2\/users\/1"}],"replies":[{"embeddable":true,"href":"http:\/\/www.eugeneistomin.com\/fr\/wp-json\/wp\/v2\/comments?post=1319"}],"version-history":[{"count":3,"href":"http:\/\/www.eugeneistomin.com\/fr\/wp-json\/wp\/v2\/pages\/1319\/revisions"}],"predecessor-version":[{"id":7624,"href":"http:\/\/www.eugeneistomin.com\/fr\/wp-json\/wp\/v2\/pages\/1319\/revisions\/7624"}],"up":[{"embeddable":true,"href":"http:\/\/www.eugeneistomin.com\/fr\/wp-json\/wp\/v2\/pages\/380"}],"wp:attachment":[{"href":"http:\/\/www.eugeneistomin.com\/fr\/wp-json\/wp\/v2\/media?parent=1319"}],"curies":[{"name":"wp","href":"https:\/\/api.w.org\/{rel}","templated":true}]}}