{"id":1231,"date":"2015-11-19T12:54:04","date_gmt":"2015-11-19T11:54:04","guid":{"rendered":"http:\/\/eugeneistomin.com\/?page_id=1231"},"modified":"2020-02-21T23:51:05","modified_gmt":"2020-02-21T22:51:05","slug":"charles-munch","status":"publish","type":"page","link":"http:\/\/www.eugeneistomin.com\/fr\/grandes-collaborations-musicales\/chefs-dorchestre\/charles-munch\/","title":{"rendered":"Charles Munch"},"content":{"rendered":"<div class=\"fusion-fullwidth fullwidth-box fusion-builder-row-1 hundred-percent-fullwidth non-hundred-percent-height-scrolling\" style=\"--awb-border-radius-top-left:0px;--awb-border-radius-top-right:0px;--awb-border-radius-bottom-right:0px;--awb-border-radius-bottom-left:0px;--awb-overflow:visible;\" ><div class=\"fusion-builder-row fusion-row\"><div class=\"fusion-layout-column fusion_builder_column fusion-builder-column-0 fusion_builder_column_1_1 1_1 fusion-one-full fusion-column-first fusion-column-last\" style=\"--awb-bg-size:cover;\"><div class=\"fusion-column-wrapper fusion-flex-column-wrapper-legacy\"><div class=\"fusion-text fusion-text-1\"><div id=\"attachment_399\" style=\"width: 257px\" class=\"wp-caption alignleft\"><a href=\"https:\/\/eugeneistomin.com\/wp-content\/uploads\/2015\/07\/1960-Photo-with-Charles-Munch1.jpg\"><img aria-describedby=\"caption-attachment-399\" decoding=\"async\" class=\"wp-image-399 size-medium\" src=\"https:\/\/eugeneistomin.com\/wp-content\/uploads\/2015\/07\/1960-Photo-with-Charles-Munch1-247x300.jpg\" alt=\"1960-Photo-with-Charles-Munch1\" width=\"247\" height=\"300\" srcset=\"http:\/\/www.eugeneistomin.com\/wp-content\/uploads\/2015\/07\/1960-Photo-with-Charles-Munch1-247x300.jpg 247w, http:\/\/www.eugeneistomin.com\/wp-content\/uploads\/2015\/07\/1960-Photo-with-Charles-Munch1.jpg 395w\" sizes=\"(max-width: 247px) 100vw, 247px\" \/><\/a><p id=\"caption-attachment-399\" class=\"wp-caption-text\">Istomin et Munch jouent \u00e0 4 mains!<\/p><\/div>\n<p class=\"beautify\">Lorsque Charles Munch\u00a0mourut \u00e0 l\u2019automne 1968 d\u2019une crise cardiaque, lors d\u2019une tourn\u00e9e am\u00e9ricaine avec l\u2019Orchestre de Paris, qu\u2019il venait de cr\u00e9er, Eugene perdit un grand ami. Il avait d\u00fb attendre 1955 pour jouer avec le Boston Symphony sous sa direction, peut-\u00eatre \u00e0 cause de la rivalit\u00e9 et de l\u2019inimiti\u00e9 qui opposa un moment les deux grands chefs fran\u00e7ais qui \u00e9taient alors aux USA, Paray et Munch. Paray avait longtemps reproch\u00e9 \u00e0 Munch d\u2019avoir profit\u00e9 de l\u2019occupation allemande pour faire son chemin, m\u00eame s\u2019il ne s\u2019\u00e9tait pas compromis avec les nazis. Istomin \u00e9tait tr\u00e8s proche de Paray, avec qui il avait fait ses d\u00e9buts \u00e0 Pittsburgh et \u00e0 Paris, et qui l&rsquo;invitait tr\u00e8s souvent \u00e0 Detroit. Pourtant, le charme de Munch et son sens de l\u2019amiti\u00e9 ont tout de suite conquis Istomin. Munch fuyait les r\u00e9unions mondaines de la bourgeoisie bostonienne, d\u2019autant qu\u2019il n\u2019avait jamais aim\u00e9 parler anglais. Souvent, il s\u2019adressait \u00e0 l\u2019orchestre en fran\u00e7ais : \u00ab Respirez la musique ! \u00bb. Il admirait le fran\u00e7ais d&rsquo;Istomin, son go\u00fbt pour les expressions idiomatiques.<\/p>\n<p class=\"beautify\">Leurs discussions nocturnes, souvent autour d\u2019une bouteille de whisky, \u00e9taient de grands moments ! Munch \u00e9tait le neveu d\u2019Albert Schweitzer et Istomin \u00e9tait proche de Casals. C\u2019\u00e9tait un premier lien, mais leurs centres d\u2019int\u00e9r\u00eat communs \u00e9taient multiples. Munch parlait volontiers \u00e0 Istomin de ses passions pour l&rsquo;Egyptologie ou pour la peinture ancienne. Munch \u00e9tait tr\u00e8s respectueux de ses solistes, m\u00eame s\u2019il lui arrivait, dans l\u2019exaltation du concert d\u2019oublier le tempo ou le phras\u00e9 convenus. Istomin le lui pardonnait volontiers car le sens de la communication de Munch, avec les musiciens comme avec le public, emportait tout sur son passage.<\/p>\n<p class=\"beautify\">Fatigu\u00e9, inquiet de premi\u00e8res alertes cardiaques, Munch avait quitt\u00e9 Boston d\u00e8s 1962, d\u00e9sireux de se m\u00e9nager et pr\u00e9voyant de ne plus diriger que comme chef invit\u00e9, essentiellement en Europe. Mais il s\u2019\u00e9tait laiss\u00e9 convaincre par Malraux de cr\u00e9er l\u2019Orchestre de Paris, \u00e9norme t\u00e2che qui devait avoir raison de son c\u0153ur lors d\u2019une \u00e9reintante tourn\u00e9e aux Etats-Unis en novembre 1968. Istomin n\u2019aura pas eu le temps d\u2019\u00eatre m\u00eame une seule fois son soliste \u00e0 Paris\u2026<\/p>\n<div id=\"attachment_1286\" style=\"width: 679px\" class=\"wp-caption aligncenter\"><a href=\"https:\/\/eugeneistomin.com\/wp-content\/uploads\/2015\/11\/Munch-et-BSO-aadl.org_.jpg\"><img aria-describedby=\"caption-attachment-1286\" decoding=\"async\" class=\"wp-image-1286 size-large\" src=\"https:\/\/eugeneistomin.com\/wp-content\/uploads\/2015\/11\/Munch-et-BSO-aadl.org_-1024x740.jpg\" alt=\"Munch et BSO aadl.org\" width=\"669\" height=\"483\" srcset=\"http:\/\/www.eugeneistomin.com\/wp-content\/uploads\/2015\/11\/Munch-et-BSO-aadl.org_-300x217.jpg 300w, http:\/\/www.eugeneistomin.com\/wp-content\/uploads\/2015\/11\/Munch-et-BSO-aadl.org_-1024x740.jpg 1024w, http:\/\/www.eugeneistomin.com\/wp-content\/uploads\/2015\/11\/Munch-et-BSO-aadl.org_.jpg 4000w\" sizes=\"(max-width: 669px) 100vw, 669px\" \/><\/a><p id=\"caption-attachment-1286\" class=\"wp-caption-text\">Charles Munch et le Boston Symphony Orchestra<\/p><\/div>\n<\/div><div class=\"fusion-title title fusion-title-1 fusion-title-text fusion-title-size-two\"><h2 class=\"title-heading-left fusion-responsive-typography-calculated\" style=\"margin:0;--fontSize:18;--minFontSize:18;line-height:1.5;\"><strong>Concerts<\/strong><\/h2><span class=\"awb-title-spacer\"><\/span><div class=\"title-sep-container\"><div class=\"title-sep sep-double sep-solid\" style=\"border-color:#e0dede;\"><\/div><\/div><\/div><div class=\"fusion-text fusion-text-2\"><p><strong>1955<\/strong>, 7 ao\u00fbt. Tanglewood. <strong>Beethoven<\/strong>, <em>Concerto n\u00b0 4<\/em>.<br \/>\n<strong>1956<\/strong>, 2 &amp; 3 Mars. Boston Symphony Hall. <strong>Beethoven<\/strong>, <em>Concerto n\u00b0 4<\/em>.<br \/>\n<strong>1958<\/strong>, 8 Ao\u00fbt. Tanglewood. <strong>Beethoven<\/strong>, <em>Concerto n\u00b0 5<\/em>. Concert enregistr\u00e9.<br \/>\n<strong>1959<\/strong>, 13 &amp; 14 f\u00e9vrier. Boston Symphony Hall. <strong>Schumann<\/strong>, <em>Concerto<\/em>. Concert enregsitr\u00e9.<br \/>\n<strong>1959<\/strong>, 19 au 21 f\u00e9vrier. Academy of Music of Philadelphia (19), Academy of Music of Brooklyn (20), Carnegie Hall 21. <strong>Beethoven<\/strong>, <em>Concerto n\u00b0 4<\/em>.<br \/>\n<strong>1960<\/strong>, 6 ao\u00fbt. Tanglewood. <strong>Brahms<\/strong>, <em>Concerto n\u00b0 2<\/em>.<br \/>\n<strong>1961<\/strong>, 13 au 17 janvier. Boston Symphony Hall (13, 14 &amp; 15) + Veterans Memorial Auditorium, Providence (17). <strong>Brahms<\/strong>, <em>Concerto n\u00b0 2<\/em>. Concert enregistr\u00e9 le 14 janvier.<\/p>\n<p>Tous ces concerts ont \u00e9t\u00e9 donn\u00e9s avec l&rsquo;Orchestre Symphonique de Boston.<\/p>\n<\/div><div class=\"fusion-title title fusion-title-2 fusion-title-text fusion-title-size-two\"><h2 class=\"title-heading-left fusion-responsive-typography-calculated\" style=\"margin:0;--fontSize:18;--minFontSize:18;line-height:1.5;\"><strong>Musique<\/strong><\/h2><span class=\"awb-title-spacer\"><\/span><div class=\"title-sep-container\"><div class=\"title-sep sep- sep-solid\" style=\"border-color:#e0dede;\"><\/div><\/div><\/div><div class=\"fusion-text fusion-text-3\"><p><strong>Brahms<\/strong>, <em>Concerto n\u00b0 2 en si b\u00e9mol majeur op. 83<\/em>, les deux derniers mouvements : <em>Andante<\/em> et <em>Allegretto gracioso<\/em>. Eugene Istomin, Boston Symphony Orchestra, Charles\u00a0Munch. 14 janvier 1961<\/p>\n<!--[if lt IE 9]><script>document.createElement('audio');<\/script><![endif]-->\n<audio class=\"wp-audio-shortcode\" id=\"audio-1231-1\" preload=\"none\" style=\"width: 100%;\" controls=\"controls\"><source type=\"audio\/mpeg\" src=\"https:\/\/eugeneistomin.com\/wp-content\/uploads\/2015\/11\/Brahms-Piano-concerto-2-mvts-3-et-4.mp3?_=1\" \/><a href=\"https:\/\/eugeneistomin.com\/wp-content\/uploads\/2015\/11\/Brahms-Piano-concerto-2-mvts-3-et-4.mp3\">https:\/\/eugeneistomin.com\/wp-content\/uploads\/2015\/11\/Brahms-Piano-concerto-2-mvts-3-et-4.mp3<\/a><\/audio>\n<\/div><div class=\"fusion-clearfix\"><\/div><\/div><\/div><\/div><\/div>\n","protected":false},"excerpt":{"rendered":"","protected":false},"author":1,"featured_media":0,"parent":380,"menu_order":0,"comment_status":"open","ping_status":"open","template":"","meta":[],"acf":[],"_links":{"self":[{"href":"http:\/\/www.eugeneistomin.com\/fr\/wp-json\/wp\/v2\/pages\/1231"}],"collection":[{"href":"http:\/\/www.eugeneistomin.com\/fr\/wp-json\/wp\/v2\/pages"}],"about":[{"href":"http:\/\/www.eugeneistomin.com\/fr\/wp-json\/wp\/v2\/types\/page"}],"author":[{"embeddable":true,"href":"http:\/\/www.eugeneistomin.com\/fr\/wp-json\/wp\/v2\/users\/1"}],"replies":[{"embeddable":true,"href":"http:\/\/www.eugeneistomin.com\/fr\/wp-json\/wp\/v2\/comments?post=1231"}],"version-history":[{"count":9,"href":"http:\/\/www.eugeneistomin.com\/fr\/wp-json\/wp\/v2\/pages\/1231\/revisions"}],"predecessor-version":[{"id":7642,"href":"http:\/\/www.eugeneistomin.com\/fr\/wp-json\/wp\/v2\/pages\/1231\/revisions\/7642"}],"up":[{"embeddable":true,"href":"http:\/\/www.eugeneistomin.com\/fr\/wp-json\/wp\/v2\/pages\/380"}],"wp:attachment":[{"href":"http:\/\/www.eugeneistomin.com\/fr\/wp-json\/wp\/v2\/media?parent=1231"}],"curies":[{"name":"wp","href":"https:\/\/api.w.org\/{rel}","templated":true}]}}